{"id":5296,"date":"2025-03-13T14:20:38","date_gmt":"2025-03-13T13:20:38","guid":{"rendered":"https:\/\/termeslagarriga.com\/cat\/?page_id=5296"},"modified":"2025-03-14T09:19:53","modified_gmt":"2025-03-14T08:19:53","slug":"grupos-y-eventos-en-termes-la-garriga","status":"publish","type":"page","link":"https:\/\/termeslagarriga.com\/cat\/grupos-y-eventos-en-termes-la-garriga\/","title":{"rendered":"Grupos y eventos en Termes La Garriga"},"content":{"rendered":"\t\t<div data-elementor-type=\"wp-page\" data-elementor-id=\"5296\" class=\"elementor elementor-5296\" data-elementor-post-type=\"page\">\n\t\t\t\t\t\t<section class=\"elementor-section elementor-top-section elementor-element elementor-element-184430a0 elementor-section-height-min-height elementor-section-boxed elementor-section-height-default elementor-section-items-middle\" data-id=\"184430a0\" data-element_type=\"section\" data-e-type=\"section\" data-settings=\"{&quot;background_background&quot;:&quot;classic&quot;}\">\n\t\t\t\t\t\t\t<div class=\"elementor-background-overlay\"><\/div>\n\t\t\t\t\t\t\t<div class=\"elementor-container elementor-column-gap-default\">\n\t\t\t\t\t<div class=\"elementor-column elementor-col-100 elementor-top-column elementor-element elementor-element-6fbce1db\" data-id=\"6fbce1db\" data-element_type=\"column\" data-e-type=\"column\">\n\t\t\t<div class=\"elementor-widget-wrap elementor-element-populated\">\n\t\t\t\t\t\t<div class=\"elementor-element elementor-element-3bcc6d6d elementor-widget elementor-widget-heading\" data-id=\"3bcc6d6d\" data-element_type=\"widget\" data-e-type=\"widget\" data-widget_type=\"heading.default\">\n\t\t\t\t<div class=\"elementor-widget-container\">\n\t\t\t\t\t<h2 class=\"elementor-heading-title elementor-size-default\">Grups i Esdeveniments<\/h2>\t\t\t\t<\/div>\n\t\t\t\t<\/div>\n\t\t\t\t<div class=\"elementor-element elementor-element-39eccbd0 elementor-widget elementor-widget-heading\" data-id=\"39eccbd0\" data-element_type=\"widget\" data-e-type=\"widget\" data-widget_type=\"heading.default\">\n\t\t\t\t<div class=\"elementor-widget-container\">\n\t\t\t\t\t<h2 class=\"elementor-heading-title elementor-size-default\">HOTEL TERMES LA GARRIGA<\/h2>\t\t\t\t<\/div>\n\t\t\t\t<\/div>\n\t\t\t\t\t<\/div>\n\t\t<\/div>\n\t\t\t\t\t<\/div>\n\t\t<\/section>\n\t\t<div class=\"elementor-element elementor-element-6520f32 e-flex e-con-boxed e-con e-parent\" data-id=\"6520f32\" data-element_type=\"container\" data-e-type=\"container\" data-settings=\"{&quot;sticky&quot;:&quot;top&quot;,&quot;sticky_on&quot;:[&quot;desktop&quot;],&quot;sticky_offset&quot;:75,&quot;sticky_effects_offset&quot;:0,&quot;sticky_anchor_link_offset&quot;:0}\">\n\t\t\t\t\t<div class=\"e-con-inner\">\n\t\t<div class=\"elementor-element elementor-element-073ebbe e-con-full e-flex e-con e-child\" data-id=\"073ebbe\" data-element_type=\"container\" data-e-type=\"container\" data-settings=\"{&quot;background_background&quot;:&quot;classic&quot;}\">\n\t\t\t\t<div class=\"elementor-element elementor-element-dadcab7 elementor-widget elementor-widget-shortcode\" data-id=\"dadcab7\" data-element_type=\"widget\" data-e-type=\"widget\" data-widget_type=\"shortcode.default\">\n\t\t\t\t<div class=\"elementor-widget-container\">\n\t\t\t\t\t\t\t<div class=\"elementor-shortcode\">        <link href=\"https:\/\/fonts.googleapis.com\/css2?family=Roboto:ital,wght@0,100;0,200;0,300;0,400;0,500;0,600;0,700;0,800;0,900;1,100;1,200;1,300;1,400;1,500;1,600;1,700;1,800;1,900&display=swap\" rel=\"stylesheet\">\r\n<style>\r\n    .avc-calendar.avc-calendar-1 {\r\n        background-color: rgba(226.99, 236.01, 247.02, 0);\r\n        border-width: 0px;\r\n        border-color: rgba(0,0,0,1);\r\n        border-radius: 4px;\r\n        column-gap: 16px;\r\n        row-gap: 16px;\r\n        font-family: \"Roboto\";\r\n    }\r\n\r\n    \r\n    .avc-calendar.avc-calendar-1>.avc-input {\r\n        background-color: rgba(255,255,255,1);\r\n        border-width: 0px;\r\n        border-color: rgba(197, 186, 166, 1);\r\n        border-radius: 40px;\r\n        color: rgba(138.06, 130.63, 117.1, 1);\r\n        font-size: 14px;\r\n        padding-top: 8px;\r\n        padding-bottom: 8px;\r\n    }\r\n    \r\n    .avc-calendar.avc-calendar-1>.avc-input>i {\r\n        color: rgba(138.06, 130.63, 117.1, 1);\r\n    }\r\n\r\n    .avc-calendar.avc-calendar-1>.avc-input>input {\r\n        font-size: 14px;\r\n    }\r\n\r\n    \/* Separated because of this: https:\/\/stackoverflow.com\/a\/39155868 *\/\r\n    .avc-calendar.avc-calendar-1input::placeholder {\r\n        color: inherit;\r\n        font-size: inherit;\r\n    }\r\n\r\n    .avc-calendar.avc-calendar-1input::-moz-placeholder {\r\n        color: inherit;\r\n        font-size: inherit;\r\n    }\r\n\r\n    .avc-calendar.avc-calendar-1input::-webkit-input-placeholder {\r\n        color: inherit;\r\n        font-size: inherit;\r\n    }\r\n\r\n    .avc-calendar.avc-calendar-1input:-ms-input-placeholder {\r\n        color: inherit;\r\n        font-size: inherit;\r\n    }\r\n\r\n    .avc-calendar.avc-calendar-1input::-ms-input-placeholder {\r\n        color: inherit;\r\n        font-size: inherit;\r\n    }\r\n\r\n    .avc-calendar.avc-calendar-1>.avc-button {\r\n        background-color: rgba(197, 186, 166, 1);\r\n        border-width: 0px;\r\n        border-color: rgba(0,0,0,1);\r\n        border-radius: 40px;\r\n        color: rgba(255,255,255,1);\r\n        font-size: 14px;\r\n        padding-top: 8px;\r\n        padding-bottom: 8px;\r\n    }\r\n\r\n    .avc-calendar.avc-calendar-1:not(.avc-calendar-v)>.avc-button {\r\n        width: 15%;\r\n    }\r\n\r\n    .avc-calendar.avc-calendar-1>.avc-button:hover {\r\n        background-color: rgba(200,189,170,1);\r\n    }\r\n\r\n    .avc-datepicker.avc-datepicker-1.ui-state-highlight {\r\n        border: 1px solid rgba(197, 186, 166, 1);\r\n        color: rgba(197, 186, 166, 1);\r\n    }\r\n\r\n    .avc-datepicker.avc-datepicker-1.ui-state-highlight:not(.ui-state-active):hover {\r\n        background-color: rgba(246,245,242,1);\r\n    }\r\n\r\n    .avc-datepicker.avc-datepicker-1.ui-datepicker table>tbody>tr>td>a.ui-state-active.ui-state-default {\r\n        border: 1px solid rgba(197, 186, 166, 1) !important;\r\n        background-color: rgba(197, 186, 166, 1) !important;\r\n        color: rgba(255,255,255,1) !important;\r\n    }\r\n<\/style>        \r\n<div class=\"avc-calendar avc-calendar-1 \" data-id=\"1\" id=\"avc-1\" data-categories=\"[]\" data-lang=\"es\" data-globalredirect=\"false\" data-globalredirectId=\"0\" >\r\n    <select\r\n        class=\"avc-input avc-establishment avc-establishment-1 \" style=\"display: none;\"\r\n        data-single=\"1\"\r\n        data-default-webcode=\"0\"\r\n    >\r\n        <option value=\"\">Establecimientos<\/option>\r\n                <option value=\"0\" data-id=\"1\">\r\n            termeslagarriga.com        <\/option>\r\n            <\/select>\r\n        <label class=\"avc-input\">\r\n                    <i class=\"material-icons\">calendar_today<\/i>\r\n                <input type=\"text\" class=\"avc-arrival\" placeholder=\"Llegada\" readonly data-id=\"1\">\r\n    <\/label>\r\n    <label class=\"avc-input\">\r\n                    <i class=\"material-icons\">calendar_today<\/i>\r\n                <input type=\"text\" class=\"avc-departure\" placeholder=\"Salida\" readonly data-id=\"1\">\r\n    <\/label>\r\n    <label class=\"avc-input\" style=\"display: block;\">\r\n        <input type=\"text\" class=\"avc-promotion\" placeholder=\"C\u00f3digo promocional\" value=\"\">\r\n    <\/label>\r\n    <button class=\"avc-button\" onclick=\"go_to_bengine(1)\" >Reservar<\/button>\r\n    <input type=\"hidden\" id=\"avinput_redirect\" value=\"false\" data-pageRedirURL=\"https:\/\/termeslagarriga.com\/cat\/grupos-y-eventos-en-termes-la-garriga\/\">\r\n    <input type=\"hidden\" id=\"avinput_san\" value=\"false\">\r\n    <input type=\"hidden\" id=\"avinput_zones\" value=\"false\">\r\n<\/div><\/div>\n\t\t\t\t\t\t<\/div>\n\t\t\t\t<\/div>\n\t\t\t\t<\/div>\n\t\t\t\t\t<\/div>\n\t\t\t\t<\/div>\n\t\t<div class=\"elementor-element elementor-element-ee9498f e-flex e-con-boxed e-con e-parent\" data-id=\"ee9498f\" data-element_type=\"container\" data-e-type=\"container\">\n\t\t\t\t\t<div class=\"e-con-inner\">\n\t\t<div class=\"elementor-element elementor-element-05c1cbe e-con-full e-flex e-con e-child\" data-id=\"05c1cbe\" data-element_type=\"container\" data-e-type=\"container\">\n\t\t\t\t<div class=\"elementor-element elementor-element-a167f1c elementor-view-default elementor-widget elementor-widget-icon\" data-id=\"a167f1c\" data-element_type=\"widget\" data-e-type=\"widget\" data-widget_type=\"icon.default\">\n\t\t\t\t<div class=\"elementor-widget-container\">\n\t\t\t\t\t\t\t<div class=\"elementor-icon-wrapper\">\n\t\t\t<div class=\"elementor-icon\">\n\t\t\t\t\t\t<\/div>\n\t\t<\/div>\n\t\t\t\t\t\t<\/div>\n\t\t\t\t<\/div>\n\t\t\t\t<div class=\"elementor-element elementor-element-aaae052 elementor-widget elementor-widget-heading\" data-id=\"aaae052\" data-element_type=\"widget\" data-e-type=\"widget\" data-widget_type=\"heading.default\">\n\t\t\t\t<div class=\"elementor-widget-container\">\n\t\t\t\t\t<h2 class=\"elementor-heading-title elementor-size-default\">Grups i Esdeveniments<\/h2>\t\t\t\t<\/div>\n\t\t\t\t<\/div>\n\t\t\t\t<div class=\"elementor-element elementor-element-69b1f53 elementor-widget elementor-widget-heading\" data-id=\"69b1f53\" data-element_type=\"widget\" data-e-type=\"widget\" data-widget_type=\"heading.default\">\n\t\t\t\t<div class=\"elementor-widget-container\">\n\t\t\t\t\t<h2 class=\"elementor-heading-title elementor-size-default\">Reserva tu evento en un entorno exclusivo<\/h2>\t\t\t\t<\/div>\n\t\t\t\t<\/div>\n\t\t\t\t<\/div>\n\t\t<div class=\"elementor-element elementor-element-71b7b49 e-con-full e-flex e-con e-child\" data-id=\"71b7b49\" data-element_type=\"container\" data-e-type=\"container\">\n\t\t\t\t<div class=\"elementor-element elementor-element-b004bda elementor-widget elementor-widget-text-editor\" data-id=\"b004bda\" data-element_type=\"widget\" data-e-type=\"widget\" data-widget_type=\"text-editor.default\">\n\t\t\t\t<div class=\"elementor-widget-container\">\n\t\t\t\t\t\t\t\t\t<p>A <strong>Hotel Termes La Garriga<\/strong>, transformem cada trobada en una <strong>experi\u00e8ncia memorable<\/strong>. Ja sigui una celebraci\u00f3 familiar, una <strong>reuni\u00f3 d&#8217;empresa<\/strong> o un esdeveniment social, el nostre entorn \u00fanic i el nostre equip professional estan preparats per fer de cada ocasi\u00f3 un moment especial.<\/p><p>Envoltat de la serenitat de les nostres aig\u00fces termals, amb espais vers\u00e0tils i un servei personalitzat, oferim un equilibri perfecte entre eleg\u00e0ncia, comoditat i benestar. Des de petites trobades fins a grans celebracions, ens encarreguem de cada detall perqu\u00e8 tu nom\u00e9s gaudeixis del moment.<\/p><p>Descobreix com podem fer que el teu esdeveniment sigui inoblidable.<\/p><p>Contacta&#8217;ns a: <strong><a href=\"mailto:grups@termeslagarriga.com\">grups@termeslagarriga.com<\/a><\/strong><\/p>\t\t\t\t\t\t\t\t<\/div>\n\t\t\t\t<\/div>\n\t\t\t\t<\/div>\n\t\t\t\t\t<\/div>\n\t\t\t\t<\/div>\n\t\t<div class=\"elementor-element elementor-element-7481f3e e-con-full e-flex e-con e-parent\" data-id=\"7481f3e\" data-element_type=\"container\" data-e-type=\"container\">\n\t\t<div class=\"elementor-element elementor-element-93ec78e e-con-full e-flex e-con e-child\" data-id=\"93ec78e\" data-element_type=\"container\" data-e-type=\"container\" data-settings=\"{&quot;background_background&quot;:&quot;classic&quot;}\">\n\t\t\t\t<\/div>\n\t\t<div class=\"elementor-element elementor-element-05d74f5 e-con-full e-flex e-con e-child\" data-id=\"05d74f5\" data-element_type=\"container\" data-e-type=\"container\" data-settings=\"{&quot;background_background&quot;:&quot;classic&quot;,&quot;position&quot;:&quot;absolute&quot;}\">\n\t\t\t\t<div class=\"elementor-element elementor-element-faa46cd elementor-widget elementor-widget-heading\" data-id=\"faa46cd\" data-element_type=\"widget\" data-e-type=\"widget\" data-widget_type=\"heading.default\">\n\t\t\t\t<div class=\"elementor-widget-container\">\n\t\t\t\t\t<h2 class=\"elementor-heading-title elementor-size-default\">Esdeveniments per a grups<\/h2>\t\t\t\t<\/div>\n\t\t\t\t<\/div>\n\t\t\t\t<div class=\"elementor-element elementor-element-90a5390 elementor-widget elementor-widget-heading\" data-id=\"90a5390\" data-element_type=\"widget\" data-e-type=\"widget\" data-widget_type=\"heading.default\">\n\t\t\t\t<div class=\"elementor-widget-container\">\n\t\t\t\t\t<h2 class=\"elementor-heading-title elementor-size-default\">Fes que cada moment compti<\/h2>\t\t\t\t<\/div>\n\t\t\t\t<\/div>\n\t\t\t\t<div class=\"elementor-element elementor-element-10b9fdc elementor-widget elementor-widget-text-editor\" data-id=\"10b9fdc\" data-element_type=\"widget\" data-e-type=\"widget\" data-widget_type=\"text-editor.default\">\n\t\t\t\t<div class=\"elementor-widget-container\">\n\t\t\t\t\t\t\t\t\t<p>A l\u2019Hotel Termes La Garriga sabem que cada esdeveniment mereix ser especial, i \u00e9s per aix\u00f2 que ens dediquem a organitzar experi\u00e8ncies \u00faniques per a tota mena de grups.<\/p><p>Tant com si est\u00e0s planejant una pausa informal per a un Coffee Break entre reunions, una reuni\u00f3 professional que requereixi concentraci\u00f3 i confort, un banquet sofisticat per impressionar els teus convidats, un sopar d\u2019empresa que fomenti l\u2019esperit de treball en equip, o una celebraci\u00f3 com les comunions plenes d\u2019alegria; nosaltres ens encarreguem que tot surti perfecte.<\/p>\t\t\t\t\t\t\t\t<\/div>\n\t\t\t\t<\/div>\n\t\t\t\t<\/div>\n\t\t\t\t<\/div>\n\t\t<div class=\"elementor-element elementor-element-a9f25c3 e-flex e-con-boxed e-con e-parent\" data-id=\"a9f25c3\" data-element_type=\"container\" data-e-type=\"container\" data-settings=\"{&quot;background_background&quot;:&quot;classic&quot;}\">\n\t\t\t\t\t<div class=\"e-con-inner\">\n\t\t\t\t<div class=\"elementor-element elementor-element-419b6f6 elementor-widget elementor-widget-heading\" data-id=\"419b6f6\" data-element_type=\"widget\" data-e-type=\"widget\" data-widget_type=\"heading.default\">\n\t\t\t\t<div class=\"elementor-widget-container\">\n\t\t\t\t\t<h2 class=\"elementor-heading-title elementor-size-default\">No nom\u00e9s organitzem esdeveniments<\/h2>\t\t\t\t<\/div>\n\t\t\t\t<\/div>\n\t\t\t\t<div class=\"elementor-element elementor-element-f49ee51 elementor-widget elementor-widget-heading\" data-id=\"f49ee51\" data-element_type=\"widget\" data-e-type=\"widget\" data-widget_type=\"heading.default\">\n\t\t\t\t<div class=\"elementor-widget-container\">\n\t\t\t\t\t<h2 class=\"elementor-heading-title elementor-size-default\">\"Creem moments que perduren.\"\n<\/h2>\t\t\t\t<\/div>\n\t\t\t\t<\/div>\n\t\t\t\t\t<\/div>\n\t\t\t\t<\/div>\n\t\t<div class=\"elementor-element elementor-element-43ce525 e-grid e-con-boxed e-con e-parent\" data-id=\"43ce525\" data-element_type=\"container\" data-e-type=\"container\">\n\t\t\t\t\t<div class=\"e-con-inner\">\n\t\t\t\t<div class=\"elementor-element elementor-element-6267278 elementor-widget elementor-widget-video\" data-id=\"6267278\" data-element_type=\"widget\" data-e-type=\"widget\" data-settings=\"{&quot;video_type&quot;:&quot;hosted&quot;,&quot;controls&quot;:&quot;yes&quot;}\" data-widget_type=\"video.default\">\n\t\t\t\t<div class=\"elementor-widget-container\">\n\t\t\t\t\t\t\t<div class=\"e-hosted-video elementor-wrapper elementor-open-inline\">\n\t\t\t\t\t<video class=\"elementor-video\" src=\"https:\/\/termeslagarriga.com\/wp-content\/uploads\/COFFEE-BREAK-3.mp4\" controls=\"\" preload=\"metadata\" controlsList=\"nodownload\"><\/video>\n\t\t\t\t<\/div>\n\t\t\t\t\t\t<\/div>\n\t\t\t\t<\/div>\n\t\t\t\t<div class=\"elementor-element elementor-element-55ca040 elementor-widget elementor-widget-video\" data-id=\"55ca040\" data-element_type=\"widget\" data-e-type=\"widget\" data-settings=\"{&quot;video_type&quot;:&quot;hosted&quot;,&quot;controls&quot;:&quot;yes&quot;}\" data-widget_type=\"video.default\">\n\t\t\t\t<div class=\"elementor-widget-container\">\n\t\t\t\t\t\t\t<div class=\"e-hosted-video elementor-wrapper elementor-open-inline\">\n\t\t\t\t\t<video class=\"elementor-video\" src=\"https:\/\/termeslagarriga.com\/wp-content\/uploads\/COFFEE-BREAK-2.mp4\" controls=\"\" preload=\"metadata\" controlsList=\"nodownload\"><\/video>\n\t\t\t\t<\/div>\n\t\t\t\t\t\t<\/div>\n\t\t\t\t<\/div>\n\t\t\t\t<div class=\"elementor-element elementor-element-ea3ed8e elementor-widget elementor-widget-video\" data-id=\"ea3ed8e\" data-element_type=\"widget\" data-e-type=\"widget\" data-settings=\"{&quot;video_type&quot;:&quot;hosted&quot;,&quot;controls&quot;:&quot;yes&quot;}\" data-widget_type=\"video.default\">\n\t\t\t\t<div class=\"elementor-widget-container\">\n\t\t\t\t\t\t\t<div class=\"e-hosted-video elementor-wrapper elementor-open-inline\">\n\t\t\t\t\t<video class=\"elementor-video\" src=\"https:\/\/termeslagarriga.com\/wp-content\/uploads\/COFFEE-BREAK-1.mp4\" controls=\"\" preload=\"metadata\" controlsList=\"nodownload\"><\/video>\n\t\t\t\t<\/div>\n\t\t\t\t\t\t<\/div>\n\t\t\t\t<\/div>\n\t\t\t\t<div class=\"elementor-element elementor-element-27b4e40 elementor-widget elementor-widget-video\" data-id=\"27b4e40\" data-element_type=\"widget\" data-e-type=\"widget\" data-settings=\"{&quot;video_type&quot;:&quot;hosted&quot;,&quot;controls&quot;:&quot;yes&quot;}\" data-widget_type=\"video.default\">\n\t\t\t\t<div class=\"elementor-widget-container\">\n\t\t\t\t\t\t\t<div class=\"e-hosted-video elementor-wrapper elementor-open-inline\">\n\t\t\t\t\t<video class=\"elementor-video\" src=\"https:\/\/termeslagarriga.com\/wp-content\/uploads\/coffe-break.mp4\" controls=\"\" preload=\"metadata\" controlsList=\"nodownload\"><\/video>\n\t\t\t\t<\/div>\n\t\t\t\t\t\t<\/div>\n\t\t\t\t<\/div>\n\t\t\t\t<div class=\"elementor-element elementor-element-e6623f3 elementor-widget elementor-widget-video\" data-id=\"e6623f3\" data-element_type=\"widget\" data-e-type=\"widget\" data-settings=\"{&quot;video_type&quot;:&quot;hosted&quot;,&quot;controls&quot;:&quot;yes&quot;}\" data-widget_type=\"video.default\">\n\t\t\t\t<div class=\"elementor-widget-container\">\n\t\t\t\t\t\t\t<div class=\"e-hosted-video elementor-wrapper elementor-open-inline\">\n\t\t\t\t\t<video class=\"elementor-video\" src=\"https:\/\/termeslagarriga.com\/wp-content\/uploads\/Video-de-WhatsApp-2025-03-11-a-las-17.23.32_1a04e1f3.mp4\" controls=\"\" preload=\"metadata\" controlsList=\"nodownload\"><\/video>\n\t\t\t\t<\/div>\n\t\t\t\t\t\t<\/div>\n\t\t\t\t<\/div>\n\t\t\t\t<div class=\"elementor-element elementor-element-b00bc83 elementor-widget elementor-widget-video\" data-id=\"b00bc83\" data-element_type=\"widget\" data-e-type=\"widget\" data-settings=\"{&quot;video_type&quot;:&quot;hosted&quot;,&quot;controls&quot;:&quot;yes&quot;}\" data-widget_type=\"video.default\">\n\t\t\t\t<div class=\"elementor-widget-container\">\n\t\t\t\t\t\t\t<div class=\"e-hosted-video elementor-wrapper elementor-open-inline\">\n\t\t\t\t\t<video class=\"elementor-video\" src=\"https:\/\/termeslagarriga.com\/wp-content\/uploads\/Video-de-WhatsApp-2025-03-11-a-las-17.23.32_10edc406.mp4\" controls=\"\" preload=\"metadata\" controlsList=\"nodownload\"><\/video>\n\t\t\t\t<\/div>\n\t\t\t\t\t\t<\/div>\n\t\t\t\t<\/div>\n\t\t\t\t<div class=\"elementor-element elementor-element-8e5f0bc elementor-widget elementor-widget-video\" data-id=\"8e5f0bc\" data-element_type=\"widget\" data-e-type=\"widget\" data-settings=\"{&quot;video_type&quot;:&quot;hosted&quot;,&quot;controls&quot;:&quot;yes&quot;}\" data-widget_type=\"video.default\">\n\t\t\t\t<div class=\"elementor-widget-container\">\n\t\t\t\t\t\t\t<div class=\"e-hosted-video elementor-wrapper elementor-open-inline\">\n\t\t\t\t\t<video class=\"elementor-video\" src=\"https:\/\/termeslagarriga.com\/wp-content\/uploads\/Video-de-WhatsApp-2025-03-11-a-las-17.23.32_13719f17.mp4\" controls=\"\" preload=\"metadata\" controlsList=\"nodownload\"><\/video>\n\t\t\t\t<\/div>\n\t\t\t\t\t\t<\/div>\n\t\t\t\t<\/div>\n\t\t\t\t\t<\/div>\n\t\t\t\t<\/div>\n\t\t<div class=\"elementor-element elementor-element-f7149cb e-con-full e-flex e-con e-parent\" data-id=\"f7149cb\" data-element_type=\"container\" data-e-type=\"container\">\n\t\t\t\t<div class=\"elementor-element elementor-element-f18d4e5 elementor-widget elementor-widget-button\" data-id=\"f18d4e5\" data-element_type=\"widget\" data-e-type=\"widget\" data-widget_type=\"button.default\">\n\t\t\t\t<div class=\"elementor-widget-container\">\n\t\t\t\t\t\t\t\t\t<div class=\"elementor-button-wrapper\">\n\t\t\t\t\t<a class=\"elementor-button elementor-button-link elementor-size-sm\" href=\"https:\/\/termeslagarriga.com\/cat\/contacto\/\">\n\t\t\t\t\t\t<span class=\"elementor-button-content-wrapper\">\n\t\t\t\t\t\t\t\t\t<span class=\"elementor-button-text\">En vols saber m\u00e9s?<\/span>\n\t\t\t\t\t<\/span>\n\t\t\t\t\t<\/a>\n\t\t\t\t<\/div>\n\t\t\t\t\t\t\t\t<\/div>\n\t\t\t\t<\/div>\n\t\t<div class=\"elementor-element elementor-element-ac2a6f0 e-con-full e-flex e-con e-child\" data-id=\"ac2a6f0\" data-element_type=\"container\" data-e-type=\"container\" data-settings=\"{&quot;background_background&quot;:&quot;classic&quot;,&quot;position&quot;:&quot;absolute&quot;}\">\n\t\t\t\t<div class=\"elementor-element elementor-element-bc01028 elementor-widget elementor-widget-heading\" data-id=\"bc01028\" data-element_type=\"widget\" data-e-type=\"widget\" data-widget_type=\"heading.default\">\n\t\t\t\t<div class=\"elementor-widget-container\">\n\t\t\t\t\t<h2 class=\"elementor-heading-title elementor-size-default\">Espais pensats per a tu<\/h2>\t\t\t\t<\/div>\n\t\t\t\t<\/div>\n\t\t\t\t<div class=\"elementor-element elementor-element-9816b83 elementor-widget elementor-widget-text-editor\" data-id=\"9816b83\" data-element_type=\"widget\" data-e-type=\"widget\" data-widget_type=\"text-editor.default\">\n\t\t\t\t<div class=\"elementor-widget-container\">\n\t\t\t\t\t\t\t\t\t<p>Disposem d\u2019una varietat de salons i zones a l\u2019aire lliure que s\u2019adapten a qualsevol ocasi\u00f3.<\/p><p>Des d\u2019espais \u00edntims per reunions petites fins a una ampla zona exterior amb capacitat per a un centenar de convidats. Cada cantonada del nostre hotel est\u00e0 dissenyat per a combinar funcionalitat amb encant. Imagina un entorn \u00edntim, amb tranquil\u00b7litat que nom\u00e9s un balneari pot oferir, creant l\u2019escenari ideal pel teu esdeveniment.<\/p>\t\t\t\t\t\t\t\t<\/div>\n\t\t\t\t<\/div>\n\t\t\t\t<\/div>\n\t\t<div class=\"elementor-element elementor-element-0180fdd e-con-full e-flex e-con e-child\" data-id=\"0180fdd\" data-element_type=\"container\" data-e-type=\"container\" data-settings=\"{&quot;background_background&quot;:&quot;classic&quot;}\">\n\t\t\t\t<\/div>\n\t\t\t\t<\/div>\n\t\t<div class=\"elementor-element elementor-element-a706880 e-flex e-con-boxed e-con e-parent\" data-id=\"a706880\" data-element_type=\"container\" data-e-type=\"container\" data-settings=\"{&quot;background_background&quot;:&quot;classic&quot;}\">\n\t\t\t\t\t<div class=\"e-con-inner\">\n\t\t<div class=\"elementor-element elementor-element-93ff3a7 e-con-full e-flex e-con e-child\" data-id=\"93ff3a7\" data-element_type=\"container\" data-e-type=\"container\" data-settings=\"{&quot;background_background&quot;:&quot;classic&quot;}\">\n\t\t\t\t<div class=\"elementor-element elementor-element-9812672 elementor-widget elementor-widget-heading\" data-id=\"9812672\" data-element_type=\"widget\" data-e-type=\"widget\" data-widget_type=\"heading.default\">\n\t\t\t\t<div class=\"elementor-widget-container\">\n\t\t\t\t\t<h2 class=\"elementor-heading-title elementor-size-default\">Serveis personalitzats de principi a fi\n<\/h2>\t\t\t\t<\/div>\n\t\t\t\t<\/div>\n\t\t\t\t<div class=\"elementor-element elementor-element-b735981 elementor-widget elementor-widget-text-editor\" data-id=\"b735981\" data-element_type=\"widget\" data-e-type=\"widget\" data-widget_type=\"text-editor.default\">\n\t\t\t\t<div class=\"elementor-widget-container\">\n\t\t\t\t\t\t\t\t\t<p>El nostre equip de professionals \u00e9s aqu\u00ed per acompanyar-te en cada pas del proc\u00e9s. Ens encarreguem de la planificaci\u00f3, la coordinaci\u00f3 i l\u2019execuci\u00f3, assegurant-nos que no falti detall. Oferim men\u00fas personalitzats elaborats amb ingredients frescos de proximitat i de qualitat, des d\u2019opcions lleugeres per a un Coffee Break (com caf\u00e8 acabat de fer, amb un esmorzar artesanal i fruites de temporada) fins a plats elaborats per a banquets i sopars d\u2019empresa.<\/p>\t\t\t\t\t\t\t\t<\/div>\n\t\t\t\t<\/div>\n\t\t\t\t<\/div>\n\t\t<div class=\"elementor-element elementor-element-c83315c e-con-full e-flex e-con e-child\" data-id=\"c83315c\" data-element_type=\"container\" data-e-type=\"container\" data-settings=\"{&quot;background_background&quot;:&quot;classic&quot;}\">\n\t\t\t\t<div class=\"elementor-element elementor-element-62c4c50 elementor-widget__width-initial elementor-absolute elementor-hidden-mobile elementor-widget elementor-widget-image\" data-id=\"62c4c50\" data-element_type=\"widget\" data-e-type=\"widget\" data-settings=\"{&quot;_position&quot;:&quot;absolute&quot;,&quot;motion_fx_motion_fx_scrolling&quot;:&quot;yes&quot;,&quot;motion_fx_translateY_effect&quot;:&quot;yes&quot;,&quot;motion_fx_translateY_direction&quot;:&quot;negative&quot;,&quot;motion_fx_translateY_speed&quot;:{&quot;unit&quot;:&quot;px&quot;,&quot;size&quot;:3,&quot;sizes&quot;:[]},&quot;motion_fx_translateY_affectedRange&quot;:{&quot;unit&quot;:&quot;%&quot;,&quot;size&quot;:&quot;&quot;,&quot;sizes&quot;:{&quot;start&quot;:0,&quot;end&quot;:100}},&quot;motion_fx_devices&quot;:[&quot;desktop&quot;,&quot;laptop&quot;,&quot;tablet&quot;,&quot;mobile&quot;]}\" data-widget_type=\"image.default\">\n\t\t\t\t<div class=\"elementor-widget-container\">\n\t\t\t\t\t\t\t\t\t\t\t\t\t\t\t<img decoding=\"async\" src=\"https:\/\/termeslagarriga.com\/wp-content\/uploads\/mesa-con-refrigerios.webp\" title=\"\" alt=\"\" loading=\"lazy\" \/>\t\t\t\t\t\t\t\t\t\t\t\t\t\t\t<\/div>\n\t\t\t\t<\/div>\n\t\t\t\t<\/div>\n\t\t\t\t\t<\/div>\n\t\t\t\t<\/div>\n\t\t<div class=\"elementor-element elementor-element-8c5a2b7 e-con-full e-flex e-con e-parent\" data-id=\"8c5a2b7\" data-element_type=\"container\" data-e-type=\"container\" data-settings=\"{&quot;background_background&quot;:&quot;classic&quot;}\">\n\t\t<div class=\"elementor-element elementor-element-0875bd0 e-con-full e-flex e-con e-child\" data-id=\"0875bd0\" data-element_type=\"container\" data-e-type=\"container\" data-settings=\"{&quot;background_background&quot;:&quot;classic&quot;}\">\n\t\t\t\t<div class=\"elementor-element elementor-element-590cb7c elementor-widget elementor-widget-heading\" data-id=\"590cb7c\" data-element_type=\"widget\" data-e-type=\"widget\" data-widget_type=\"heading.default\">\n\t\t\t\t<div class=\"elementor-widget-container\">\n\t\t\t\t\t<h2 class=\"elementor-heading-title elementor-size-default\">M\u00e9s que un esdeveniment<\/h2>\t\t\t\t<\/div>\n\t\t\t\t<\/div>\n\t\t\t\t<div class=\"elementor-element elementor-element-7525417 elementor-widget elementor-widget-heading\" data-id=\"7525417\" data-element_type=\"widget\" data-e-type=\"widget\" data-widget_type=\"heading.default\">\n\t\t\t\t<div class=\"elementor-widget-container\">\n\t\t\t\t\t<h2 class=\"elementor-heading-title elementor-size-default\">Una experi\u00e8ncia\n<\/h2>\t\t\t\t<\/div>\n\t\t\t\t<\/div>\n\t\t\t\t<div class=\"elementor-element elementor-element-fc4a5b9 elementor-widget elementor-widget-text-editor\" data-id=\"fc4a5b9\" data-element_type=\"widget\" data-e-type=\"widget\" data-widget_type=\"text-editor.default\">\n\t\t\t\t<div class=\"elementor-widget-container\">\n\t\t\t\t\t\t\t\t\t<p>All\u00f2 que ens distingeix \u00e9s la possibilitat de detallar i complementar el teu esdeveniment amb el benestar que caracteritza el nostre balneari. Per qu\u00e8 no afegir-hi un moment de relaxaci\u00f3 a les nostres aig\u00fces termals per als teus convidats? \u00c9s la manera perfecta d\u2019elevar la reuni\u00f3 de treball o una celebraci\u00f3, oferint a tots un toc de distinci\u00f3 i descans.<\/p><p>A m\u00e9s, disposem d\u2019equip t\u00e8cnic necessari per a presentacions, garantint que les reunions siguin tant productives com agradables.<\/p>\t\t\t\t\t\t\t\t<\/div>\n\t\t\t\t<\/div>\n\t\t\t\t<\/div>\n\t\t\t\t<\/div>\n\t\t<div class=\"elementor-element elementor-element-8e4bd5f e-con-full e-flex e-con e-parent\" data-id=\"8e4bd5f\" data-element_type=\"container\" data-e-type=\"container\">\n\t\t<div class=\"elementor-element elementor-element-b90d6ef e-con-full e-flex e-con e-child\" data-id=\"b90d6ef\" data-element_type=\"container\" data-e-type=\"container\" data-settings=\"{&quot;background_background&quot;:&quot;classic&quot;}\">\n\t\t\t\t<\/div>\n\t\t<div class=\"elementor-element elementor-element-21c6690 e-con-full e-flex e-con e-child\" data-id=\"21c6690\" data-element_type=\"container\" data-e-type=\"container\" data-settings=\"{&quot;background_background&quot;:&quot;classic&quot;,&quot;position&quot;:&quot;absolute&quot;}\">\n\t\t\t\t<div class=\"elementor-element elementor-element-eb79dfa elementor-widget elementor-widget-heading\" data-id=\"eb79dfa\" data-element_type=\"widget\" data-e-type=\"widget\" data-widget_type=\"heading.default\">\n\t\t\t\t<div class=\"elementor-widget-container\">\n\t\t\t\t\t<h2 class=\"elementor-heading-title elementor-size-default\">Perfecte per qualsevol ocasi\u00f3<\/h2>\t\t\t\t<\/div>\n\t\t\t\t<\/div>\n\t\t\t\t<div class=\"elementor-element elementor-element-2f971c6 elementor-widget elementor-widget-text-editor\" data-id=\"2f971c6\" data-element_type=\"widget\" data-e-type=\"widget\" data-widget_type=\"text-editor.default\">\n\t\t\t\t<div class=\"elementor-widget-container\">\n\t\t\t\t\t\t\t\t\t<p>Tant com si es tracta d\u2019un dinar d\u2019empresa per tancar l\u2019any, una comuni\u00f3 que reuneixi la fam\u00edlia i amics o una trobada professional que deixi un record durador, a l\u2019Hotel Termes La Garriga tenim l\u2019experi\u00e8ncia i el comprom\u00eds perqu\u00e8 tot surti a la perfecci\u00f3.<\/p><p>Ens adaptem a les teves idees i a les teves expectatives, perqu\u00e8 la teva satisfacci\u00f3 \u00e9s la nostra prioritat, sempre fent de la teva m\u00e0 un acompanyament directe i continuat.<\/p>\t\t\t\t\t\t\t\t<\/div>\n\t\t\t\t<\/div>\n\t\t\t\t<\/div>\n\t\t\t\t<\/div>\n\t\t<div class=\"elementor-element elementor-element-bd5a4a3 e-flex e-con-boxed e-con e-parent\" data-id=\"bd5a4a3\" data-element_type=\"container\" data-e-type=\"container\">\n\t\t\t\t\t<div class=\"e-con-inner\">\n\t\t<div class=\"elementor-element elementor-element-6cbf562 e-con-full e-flex e-con e-child\" data-id=\"6cbf562\" data-element_type=\"container\" data-e-type=\"container\">\n\t\t\t\t<div class=\"elementor-element elementor-element-d5d022d elementor-widget elementor-widget-heading\" data-id=\"d5d022d\" data-element_type=\"widget\" data-e-type=\"widget\" data-widget_type=\"heading.default\">\n\t\t\t\t<div class=\"elementor-widget-container\">\n\t\t\t\t\t<h2 class=\"elementor-heading-title elementor-size-default\">\u00bfVols organitzar el teu esdeveniment?<\/h2>\t\t\t\t<\/div>\n\t\t\t\t<\/div>\n\t\t\t\t<div class=\"elementor-element elementor-element-5a09452 elementor-widget__width-initial elementor-widget elementor-widget-text-editor\" data-id=\"5a09452\" data-element_type=\"widget\" data-e-type=\"widget\" data-widget_type=\"text-editor.default\">\n\t\t\t\t<div class=\"elementor-widget-container\">\n\t\t\t\t\t\t\t\t\t<p>Contacta amb el nostre equip i descobreix com podem fer que el teu pr\u00f2xim esdeveniment sigui una experi\u00e8ncia inoblidable via mail a<\/p>\t\t\t\t\t\t\t\t<\/div>\n\t\t\t\t<\/div>\n\t\t\t\t<div class=\"elementor-element elementor-element-1e64143 elementor-widget elementor-widget-button\" data-id=\"1e64143\" data-element_type=\"widget\" data-e-type=\"widget\" data-widget_type=\"button.default\">\n\t\t\t\t<div class=\"elementor-widget-container\">\n\t\t\t\t\t\t\t\t\t<div class=\"elementor-button-wrapper\">\n\t\t\t\t\t<a class=\"elementor-button elementor-button-link elementor-size-sm\" href=\"mailto:grups@termeslagarriga.com\">\n\t\t\t\t\t\t<span class=\"elementor-button-content-wrapper\">\n\t\t\t\t\t\t<span class=\"elementor-button-icon\">\n\t\t\t\t<i aria-hidden=\"true\" class=\"eci  fontello-420bfc45-right-open-big\"><\/i>\t\t\t<\/span>\n\t\t\t\t\t\t\t\t\t<span class=\"elementor-button-text\">grups@termeslagarriga.com<\/span>\n\t\t\t\t\t<\/span>\n\t\t\t\t\t<\/a>\n\t\t\t\t<\/div>\n\t\t\t\t\t\t\t\t<\/div>\n\t\t\t\t<\/div>\n\t\t\t\t<\/div>\n\t\t\t\t\t<\/div>\n\t\t\t\t<\/div>\n\t\t\t\t<\/div>\n\t\t","protected":false},"excerpt":{"rendered":"<p>Grups i Esdeveniments HOTEL TERMES LA GARRIGA Grups i Esdeveniments Reserva tu evento en un entorno exclusivo A Hotel Termes La Garriga, transformem cada trobada en una experi\u00e8ncia memorable. Ja sigui una celebraci\u00f3 familiar, una reuni\u00f3 d&#8217;empresa o un esdeveniment social, el nostre entorn \u00fanic i el nostre equip professional estan preparats per fer de [&hellip;]<\/p>\n","protected":false},"author":1,"featured_media":0,"parent":0,"menu_order":0,"comment_status":"closed","ping_status":"closed","template":"elementor_header_footer","meta":{"_acf_changed":false,"footnotes":""},"class_list":["post-5296","page","type-page","status-publish","hentry"],"acf":[],"aioseo_notices":[],"_links":{"self":[{"href":"https:\/\/termeslagarriga.com\/cat\/wp-json\/wp\/v2\/pages\/5296","targetHints":{"allow":["GET"]}}],"collection":[{"href":"https:\/\/termeslagarriga.com\/cat\/wp-json\/wp\/v2\/pages"}],"about":[{"href":"https:\/\/termeslagarriga.com\/cat\/wp-json\/wp\/v2\/types\/page"}],"author":[{"embeddable":true,"href":"https:\/\/termeslagarriga.com\/cat\/wp-json\/wp\/v2\/users\/1"}],"replies":[{"embeddable":true,"href":"https:\/\/termeslagarriga.com\/cat\/wp-json\/wp\/v2\/comments?post=5296"}],"version-history":[{"count":6,"href":"https:\/\/termeslagarriga.com\/cat\/wp-json\/wp\/v2\/pages\/5296\/revisions"}],"predecessor-version":[{"id":5303,"href":"https:\/\/termeslagarriga.com\/cat\/wp-json\/wp\/v2\/pages\/5296\/revisions\/5303"}],"wp:attachment":[{"href":"https:\/\/termeslagarriga.com\/cat\/wp-json\/wp\/v2\/media?parent=5296"}],"curies":[{"name":"wp","href":"https:\/\/api.w.org\/{rel}","templated":true}]}}